{"id":21583,"date":"2026-02-04T12:45:32","date_gmt":"2026-02-04T12:45:32","guid":{"rendered":"https:\/\/vraji.sk\/strona-glowna\/"},"modified":"2026-02-04T12:45:34","modified_gmt":"2026-02-04T12:45:34","slug":"strona-glowna","status":"publish","type":"page","link":"https:\/\/vraji.sk\/pl\/","title":{"rendered":"Strona g\u0142\u00f3wna"},"content":{"rendered":"<h1 style=\"text-align: center;\"><span class=\"estethic-big\" style=\"color: #69b023;\">Odkryj Spisz &#8211; ma\u0142y kawa\u0142ek raju, tradycje, zabytki i mn\u00f3stwo wra\u017ce\u0144<\/span><\/h1>\n\n<div class=\"row\">\n    <div class=\"col\">\n        <hr class=\"mt-45 mb-45\">\n    <\/div>\n<\/div>\n\n    <div class=\"row border border-primary rounded-lg border-5px mx-0  mb-45\">\n        <div href=\"https:\/\/vraji.sk\/pl\/posilnene-letne-spoje-do-slovenskeho-raja-a-na-juzny-spis\/\" class=\"col-md-6 px-4 py-45 py-md-56 order-md-2\">\n\n            <h2 class=\"mb-45 text-center text-md-left\">\n                SUMMER BUS i wzmocnione po\u0142\u0105czenia ze S\u0142owackim Rajem i po\u0142udniowym Spiszem            <\/h2>\n\n            <p class=\"mb-45 d-none d-md-block\">\n                R\u00f3wnie\u017c tego lata letnie po\u0142\u0105czenia poprawi\u0105 dost\u0119pno\u015b\u0107 o\u015brodk\u00f3w turystycznych w naszym regionie.              <\/p>\n\n            <div class=\"text-center\">\n                <a href=\"https:\/\/vraji.sk\/pl\/posilnene-letne-spoje-do-slovenskeho-raja-a-na-juzny-spis\/\" class=\"btn btn-outline-primary btn-lg\">\n                    #letnespoje                <\/a>\n            <\/div>\n\n        <\/div>\n\n        <div class=\"col-md-6 pl-0 pr-0 pr-md-3 order-md-1 \">\n            <div class=\"background-cover-center min-vh-13rem h-100 rounded-left\" style=\"background-image: url('https:\/\/vraji.sk\/wp-content\/uploads\/2025\/05\/LCD_doRaja_1280x720px.jpg');\"><\/div>\n        <\/div>\n    <\/div>\n\n\n\n\n<div class=\"row\">\n    <div class=\"col\">\n        <hr class=\"mt-45 mb-45\">\n    <\/div>\n<\/div>\n<h2 class=\"wp-block-heading has-text-align-center\">Potrzebujesz wskaz\u00f3wek dotycz\u0105cych podr\u00f3\u017cy? Zainspiruj si\u0119. <\/h2>\n<div class=\"row\">\n    \n                <div class=\"col-sm-6 col-lg-3 pb-3\">\n                    <div class=\"bg-logo-green rounded-lg border border-5px border-logo-green box-shadow\">\n                        <div class=\"bg-white rounded-lg text-center\">\n                            <img decoding=\"async\" class=\"my-45\" src=\"https:\/\/vraji.sk\/wp-content\/uploads\/2021\/10\/priroda.svg\" style=\"height: 150px; width: 150px;\">\n                        <\/div>\n\n                        <div class=\"my-3 text-center\">\n                            <a href=\"\/objav-region-typ\/priroda\/\" class=\"btn btn-lg btn-light text-logo-dark-green\">\n                                Natura                            <\/a>\n                        <\/div>\n                    <\/div>\n                <\/div>\n            \n                <div class=\"col-sm-6 col-lg-3 pb-3\">\n                    <div class=\"bg-logo-yellow rounded-lg border border-5px border-logo-yellow box-shadow\">\n                        <div class=\"bg-white rounded-lg text-center\">\n                            <img decoding=\"async\" class=\"my-45\" src=\"https:\/\/vraji.sk\/wp-content\/uploads\/2021\/10\/zazitky.svg\" style=\"height: 150px; width: 150px;\">\n                        <\/div>\n\n                        <div class=\"my-3 text-center\">\n                            <a href=\"\/objav-region-typ\/zazitky\/\" class=\"btn btn-lg btn-light text-logo-red\">\n                                Do\u015bwiadczenia                            <\/a>\n                        <\/div>\n                    <\/div>\n                <\/div>\n            \n                <div class=\"col-sm-6 col-lg-3 pb-3\">\n                    <div class=\"bg-logo-light-brown rounded-lg border border-5px border-logo-light-brown box-shadow\">\n                        <div class=\"bg-white rounded-lg text-center\">\n                            <img decoding=\"async\" class=\"my-45\" src=\"https:\/\/vraji.sk\/wp-content\/uploads\/2021\/10\/kultura.svg\" style=\"height: 150px; width: 150px;\">\n                        <\/div>\n\n                        <div class=\"my-3 text-center\">\n                            <a href=\"\/objav-region-typ\/kultura\/\" class=\"btn btn-lg btn-light text-logo-brown\">\n                                Kultura                            <\/a>\n                        <\/div>\n                    <\/div>\n                <\/div>\n            \n                <div class=\"col-sm-6 col-lg-3 pb-3\">\n                    <div class=\"bg-logo-blue rounded-lg border border-5px border-logo-blue box-shadow\">\n                        <div class=\"bg-white rounded-lg text-center\">\n                            <img decoding=\"async\" class=\"my-45\" src=\"https:\/\/vraji.sk\/wp-content\/uploads\/2021\/10\/podujatia.svg\" style=\"height: 150px; width: 150px;\">\n                        <\/div>\n\n                        <div class=\"my-3 text-center\">\n                            <a href=\"\/podujatia\" class=\"btn btn-lg btn-light text-logo-dark-blue\">\n                                Wydarzenia                            <\/a>\n                        <\/div>\n                    <\/div>\n                <\/div>\n            <\/div>\n\n<div class=\"row\">\n    <div class=\"col\">\n        <hr class=\"mt-45 mb-45\">\n    <\/div>\n<\/div>\n<h2 class=\"wp-block-heading has-text-align-center\">Poznaj okolic\u0119 &#8211; mapa turystyczna<\/h2>\n\n<div class=\"row\">\n    <div class=\"col\">\n        <!-- 16:9 aspect ratio -->\n        <div class=\"embed-responsive embed-responsive-2by1\">\n            <iframe class=\"embed-responsive-item\" src=\"https:\/\/www.google.com\/maps\/d\/embed?mid=1JaTKhYK2pOX8JBUP4y6YlLsvWiTjf2A&#038;ehbc=2E312F\"><\/iframe>\n        <\/div>\n    <\/div>\n<\/div>\n<div class=\"row\">\n    <div class=\"col\">\n        <hr class=\"mt-45 mb-45\">\n    <\/div>\n<\/div>\n<h2 class=\"wp-block-heading has-text-align-center\">\u015aled\u017a wiadomo\u015bci z regionu<\/h2>\n\n<div class=\"row\">\n    <div class=\"col-md-6 pb-45\">\n        <div class=\"embed-responsive embed-responsive-16by9\">\n            <iframe src=\"https:\/\/www.youtube.com\/embed\/B-NX23Oas5s\" title=\"YouTube video player\" frameborder=\"0\" allow=\"accelerometer; autoplay; clipboard-write; encrypted-media; gyroscope; picture-in-picture\" allowfullscreen><\/iframe>\n        <\/div>\n    <\/div>\n    <div class=\"col-md-6 pb-45\">\n        <div class=\"embed-responsive embed-responsive-16by9\">\n            <iframe src=\"https:\/\/www.youtube.com\/embed\/QUJJRhLQmls\" title=\"YouTube video player\" frameborder=\"0\" allow=\"accelerometer; autoplay; clipboard-write; encrypted-media; gyroscope; picture-in-picture\" allowfullscreen><\/iframe>\n        <\/div>\n    <\/div>\n<\/div>\n<div class=\"row justify-content-center\">   \n    \n<div class=\"col-md-6 col-lg-4 pb-45\">\n\t<!-- \tArray\n(\n    [0] => WP_Term Object\n        (\n            [term_id] => 191\n            [name] => Na nartach\n            [slug] => na-nartach\n            [term_group] => 0\n            [term_taxonomy_id] => 191\n            [taxonomy] => discover-region-type\n            [description] => \n            [parent] => 0\n            [count] => 1\n            [filter] => raw\n        )\n\n    [1] => WP_Term Object\n        (\n            [term_id] => 188\n            [name] => Na nartach biegowych\n            [slug] => na-nartach-biegowych\n            [term_group] => 0\n            [term_taxonomy_id] => 188\n            [taxonomy] => discover-region-type\n            [description] => \n            [parent] => 0\n            [count] => 1\n            [filter] => raw\n        )\n\n)\n -->\n\t<a href=\"https:\/\/vraji.sk\/pl\/objav-region\/na-nartach\/narciarstwo-w-slowackim-raju-oferuje-przytulne-osrodki-i-kilometry-tras-biegowych\/\" style=\"color:inherit;text-decoration:none;\">\n\t\t<article class=\"preview d-flex flex-column post-21806 discover-region type-discover-region status-publish has-post-thumbnail hentry discover-region-type-na-nartach discover-region-type-na-nartach-biegowych\" id=\"post-21806\">\n\t\t\t<img decoding=\"async\" class=\"rounded-top\" src=\"https:\/\/vraji.sk\/wp-content\/uploads\/2021\/12\/ski-centrum-mraznica19703311-1-300x150.png\" alt=\"\">\n\n\t\t\t<header class=\"entry-header\">\n\n\t\t\t\t<h3 class=\"entry-title mb-0\">Narciarstwo w S\u0142owackim Raju oferuje przytulne o\u015brodki i kilometry tras biegowych<\/h3>\n\t\t\t\t<p class=\"label-small mb-0\"> <\/p>\n\t\t\t\t<p class=\"label-small mb-0\"><\/p>\n\t\t\t<\/header><!-- .entry-header -->\n\n\n\t\t\t<div class=\"entry-content\">\n\n\t\t\t\t<p>Mi\u0142o\u015bnicy sport\u00f3w zimowych znajd\u0105 co\u015b dla siebie w S\u0142owackim Raju. Region oferuje kilometry pr<\/p>\n\n\t\t\t\t\n\t\t\t<\/div><!-- .entry-content -->\n\n\t\t\t<footer class=\"entry-footer text-right\">\n\t\t\t\t<button type=\"button\" class=\"btn btn-primary btn-lg\">\n\t\t\t\t\t<!-- \u010citaj viac -->\n\t\t\t\t\tObjav viac\t\t\t\t<\/button>\n\n\t\t\t<\/footer><!-- .entry-footer -->\n\n\t\t<\/article><!-- #post-## -->\n\t<\/a>\n<\/div>\n<div class=\"col-md-6 col-lg-4 pb-45\">\n\t<!-- \tArray\n(\n    [0] => WP_Term Object\n        (\n            [term_id] => 190\n            [name] => Na koniach\n            [slug] => na-koniach\n            [term_group] => 0\n            [term_taxonomy_id] => 190\n            [taxonomy] => discover-region-type\n            [description] => \n            [parent] => 0\n            [count] => 2\n            [filter] => raw\n        )\n\n)\n -->\n\t<a href=\"https:\/\/vraji.sk\/pl\/objav-region\/na-koniach\/hipoturystyka-w-slowackim-raju\/\" style=\"color:inherit;text-decoration:none;\">\n\t\t<article class=\"preview d-flex flex-column post-21790 discover-region type-discover-region status-publish has-post-thumbnail hentry discover-region-type-na-koniach\" id=\"post-21790\">\n\t\t\t<img decoding=\"async\" class=\"rounded-top\" src=\"https:\/\/vraji.sk\/wp-content\/uploads\/2021\/12\/ben-collins-7UNk-HYxh9Y-unsplash-1-300x150.jpg\" alt=\"\">\n\n\t\t\t<header class=\"entry-header\">\n\n\t\t\t\t<h3 class=\"entry-title mb-0\">Hipoturystyka w S\u0142owackim Raju<\/h3>\n\t\t\t\t<p class=\"label-small mb-0\"> <\/p>\n\t\t\t\t<p class=\"label-small mb-0\"><\/p>\n\t\t\t<\/header><!-- .entry-header -->\n\n\n\t\t\t<div class=\"entry-content\">\n\n\t\t\t\t<p>Po\u0142\u0105cz si\u0119 z natur\u0105 S\u0142owackiego Raju poprzez jazd\u0119 konn\u0105. Turystyka hipotetyczna zapewnia rel<\/p>\n\n\t\t\t\t\n\t\t\t<\/div><!-- .entry-content -->\n\n\t\t\t<footer class=\"entry-footer text-right\">\n\t\t\t\t<button type=\"button\" class=\"btn btn-primary btn-lg\">\n\t\t\t\t\t<!-- \u010citaj viac -->\n\t\t\t\t\tObjav viac\t\t\t\t<\/button>\n\n\t\t\t<\/footer><!-- .entry-footer -->\n\n\t\t<\/article><!-- #post-## -->\n\t<\/a>\n<\/div>\n<div class=\"col-md-6 col-lg-4 pb-45\">\n\t<!-- \tArray\n(\n    [0] => WP_Term Object\n        (\n            [term_id] => 193\n            [name] => Przyroda\n            [slug] => przyroda\n            [term_group] => 0\n            [term_taxonomy_id] => 193\n            [taxonomy] => discover-region-type\n            [description] => \n            [parent] => 0\n            [count] => 1\n            [filter] => raw\n        )\n\n    [1] => WP_Term Object\n        (\n            [term_id] => 195\n            [name] => Wra\u017cenia\n            [slug] => wrazenia\n            [term_group] => 0\n            [term_taxonomy_id] => 195\n            [taxonomy] => discover-region-type\n            [description] => \n            [parent] => 0\n            [count] => 1\n            [filter] => raw\n        )\n\n)\n -->\n\t<a href=\"https:\/\/vraji.sk\/pl\/objav-region\/przyroda\/piekno-slowackiego-raju-w-okolicy-miejscowosci-stratena\/\" style=\"color:inherit;text-decoration:none;\">\n\t\t<article class=\"preview d-flex flex-column post-21774 discover-region type-discover-region status-publish has-post-thumbnail hentry discover-region-type-przyroda discover-region-type-wrazenia\" id=\"post-21774\">\n\t\t\t<img decoding=\"async\" class=\"rounded-top\" src=\"https:\/\/vraji.sk\/wp-content\/uploads\/2022\/03\/Dobsinska-Ladova-Jaskyna-web-300x150.jpg\" alt=\"\">\n\n\t\t\t<header class=\"entry-header\">\n\n\t\t\t\t<h3 class=\"entry-title mb-0\">Pi\u0119kno S\u0142owackiego Raju w okolicy miejscowo\u015bci Straten\u00e1<\/h3>\n\t\t\t\t<p class=\"label-small mb-0\"> <\/p>\n\t\t\t\t<p class=\"label-small mb-0\"><\/p>\n\t\t\t<\/header><!-- .entry-header -->\n\n\n\t\t\t<div class=\"entry-content\">\n\n\t\t\t\t<p>Po\u0142udnie S\u0142owackiego Raju w okolicach g\u00f3rskiej miejscowo\u015bci Straten\u00e1 szczyci si\u0119 niezwyk\u0142ym b<\/p>\n\n\t\t\t\t\n\t\t\t<\/div><!-- .entry-content -->\n\n\t\t\t<footer class=\"entry-footer text-right\">\n\t\t\t\t<button type=\"button\" class=\"btn btn-primary btn-lg\">\n\t\t\t\t\t<!-- \u010citaj viac -->\n\t\t\t\t\tObjav viac\t\t\t\t<\/button>\n\n\t\t\t<\/footer><!-- .entry-footer -->\n\n\t\t<\/article><!-- #post-## -->\n\t<\/a>\n<\/div><\/div>","protected":false},"excerpt":{"rendered":"<p>Odkryj Spisz &#8211; ma\u0142y kawa\u0142ek raju, tradycje, zabytki i mn\u00f3stwo wra\u017ce\u0144 Potrzebujesz wskaz\u00f3<\/p>\n","protected":false},"author":1,"featured_media":21585,"parent":0,"menu_order":0,"comment_status":"closed","ping_status":"closed","template":"page-templates\/homepage.php","meta":{"_acf_changed":false,"footnotes":""},"class_list":["post-21583","page","type-page","status-publish","has-post-thumbnail","hentry"],"acf":[],"yoast_head":"<!-- This site is optimized with the Yoast SEO plugin v27.4 - https:\/\/yoast.com\/product\/yoast-seo-wordpress\/ -->\n<title>Odkryj pi\u0119kno S\u0142owackiego Raju i Spisza - OOCR%<\/title>\n<meta name=\"description\" content=\"Odkryj pi\u0119kno S\u0142owackiego Raju i Spiszu - ma\u0142ego kawa\u0142ka raju pe\u0142nego tradycji, zabytk\u00f3w i niezapomnianych wra\u017ce\u0144.\" \/>\n<meta name=\"robots\" content=\"index, follow, max-snippet:-1, max-image-preview:large, max-video-preview:-1\" \/>\n<link rel=\"canonical\" href=\"https:\/\/vraji.sk\/pl\/\" \/>\n<meta property=\"og:locale\" content=\"pl_PL\" \/>\n<meta property=\"og:type\" content=\"article\" \/>\n<meta property=\"og:title\" content=\"Odkryj pi\u0119kno S\u0142owackiego Raju i Spisza - OOCR%\" \/>\n<meta property=\"og:description\" content=\"Odkryj pi\u0119kno S\u0142owackiego Raju i Spiszu - ma\u0142ego kawa\u0142ka raju pe\u0142nego tradycji, zabytk\u00f3w i niezapomnianych wra\u017ce\u0144.\" \/>\n<meta property=\"og:url\" content=\"https:\/\/vraji.sk\/pl\/\" \/>\n<meta property=\"og:site_name\" content=\"OOCR\" \/>\n<meta property=\"article:modified_time\" content=\"2026-02-04T12:45:34+00:00\" \/>\n<meta property=\"og:image\" content=\"https:\/\/vraji.sk\/wp-content\/uploads\/2022\/06\/Turisticka-karta-strana-z-brozury.jpg\" \/>\n\t<meta property=\"og:image:width\" content=\"1240\" \/>\n\t<meta property=\"og:image:height\" content=\"647\" \/>\n\t<meta property=\"og:image:type\" content=\"image\/jpeg\" \/>\n<meta name=\"twitter:card\" content=\"summary_large_image\" \/>\n<script type=\"application\/ld+json\" class=\"yoast-schema-graph\">{\"@context\":\"https:\\\/\\\/schema.org\",\"@graph\":[{\"@type\":\"WebPage\",\"@id\":\"https:\\\/\\\/vraji.sk\\\/pl\\\/\",\"url\":\"https:\\\/\\\/vraji.sk\\\/pl\\\/\",\"name\":\"Odkryj pi\u0119kno S\u0142owackiego Raju i Spisza - OOCR%\",\"isPartOf\":{\"@id\":\"https:\\\/\\\/vraji.sk\\\/pl\\\/#website\"},\"primaryImageOfPage\":{\"@id\":\"https:\\\/\\\/vraji.sk\\\/pl\\\/#primaryimage\"},\"image\":{\"@id\":\"https:\\\/\\\/vraji.sk\\\/pl\\\/#primaryimage\"},\"thumbnailUrl\":\"https:\\\/\\\/vraji.sk\\\/wp-content\\\/uploads\\\/2022\\\/06\\\/Turisticka-karta-strana-z-brozury.jpg\",\"datePublished\":\"2026-02-04T12:45:32+00:00\",\"dateModified\":\"2026-02-04T12:45:34+00:00\",\"description\":\"Odkryj pi\u0119kno S\u0142owackiego Raju i Spiszu - ma\u0142ego kawa\u0142ka raju pe\u0142nego tradycji, zabytk\u00f3w i niezapomnianych wra\u017ce\u0144.\",\"breadcrumb\":{\"@id\":\"https:\\\/\\\/vraji.sk\\\/pl\\\/#breadcrumb\"},\"inLanguage\":\"pl-PL\",\"potentialAction\":[{\"@type\":\"ReadAction\",\"target\":[\"https:\\\/\\\/vraji.sk\\\/pl\\\/\"]}]},{\"@type\":\"ImageObject\",\"inLanguage\":\"pl-PL\",\"@id\":\"https:\\\/\\\/vraji.sk\\\/pl\\\/#primaryimage\",\"url\":\"https:\\\/\\\/vraji.sk\\\/wp-content\\\/uploads\\\/2022\\\/06\\\/Turisticka-karta-strana-z-brozury.jpg\",\"contentUrl\":\"https:\\\/\\\/vraji.sk\\\/wp-content\\\/uploads\\\/2022\\\/06\\\/Turisticka-karta-strana-z-brozury.jpg\",\"width\":1240,\"height\":647},{\"@type\":\"BreadcrumbList\",\"@id\":\"https:\\\/\\\/vraji.sk\\\/pl\\\/#breadcrumb\",\"itemListElement\":[{\"@type\":\"ListItem\",\"position\":1,\"name\":\"Home\",\"item\":\"https:\\\/\\\/vraji.sk\\\/pl\\\/strona-glowna\\\/\"},{\"@type\":\"ListItem\",\"position\":2,\"name\":\"Strona g\u0142\u00f3wna\"}]},{\"@type\":\"WebSite\",\"@id\":\"https:\\\/\\\/vraji.sk\\\/pl\\\/#website\",\"url\":\"https:\\\/\\\/vraji.sk\\\/pl\\\/\",\"name\":\"OOCR\",\"description\":\"Regi\u00f3n Slovensk\u00fd raj a Spi\u0161 | Z\u00e1\u017eitky, turistika, hist\u00f3ria | vRaji.sk\",\"publisher\":{\"@id\":\"https:\\\/\\\/vraji.sk\\\/pl\\\/#organization\"},\"potentialAction\":[{\"@type\":\"SearchAction\",\"target\":{\"@type\":\"EntryPoint\",\"urlTemplate\":\"https:\\\/\\\/vraji.sk\\\/pl\\\/?s={search_term_string}\"},\"query-input\":{\"@type\":\"PropertyValueSpecification\",\"valueRequired\":true,\"valueName\":\"search_term_string\"}}],\"inLanguage\":\"pl-PL\"},{\"@type\":\"Organization\",\"@id\":\"https:\\\/\\\/vraji.sk\\\/pl\\\/#organization\",\"name\":\"OOCR\",\"url\":\"https:\\\/\\\/vraji.sk\\\/pl\\\/\",\"logo\":{\"@type\":\"ImageObject\",\"inLanguage\":\"pl-PL\",\"@id\":\"https:\\\/\\\/vraji.sk\\\/pl\\\/#\\\/schema\\\/logo\\\/image\\\/\",\"url\":\"https:\\\/\\\/vraji.sk\\\/wp-content\\\/uploads\\\/2021\\\/11\\\/biele-logo-1.svg\",\"contentUrl\":\"https:\\\/\\\/vraji.sk\\\/wp-content\\\/uploads\\\/2021\\\/11\\\/biele-logo-1.svg\",\"caption\":\"OOCR\"},\"image\":{\"@id\":\"https:\\\/\\\/vraji.sk\\\/pl\\\/#\\\/schema\\\/logo\\\/image\\\/\"}}]}<\/script>\n<!-- \/ Yoast SEO plugin. -->","yoast_head_json":{"title":"Odkryj pi\u0119kno S\u0142owackiego Raju i Spisza - OOCR%","description":"Odkryj pi\u0119kno S\u0142owackiego Raju i Spiszu - ma\u0142ego kawa\u0142ka raju pe\u0142nego tradycji, zabytk\u00f3w i niezapomnianych wra\u017ce\u0144.","robots":{"index":"index","follow":"follow","max-snippet":"max-snippet:-1","max-image-preview":"max-image-preview:large","max-video-preview":"max-video-preview:-1"},"canonical":"https:\/\/vraji.sk\/pl\/","og_locale":"pl_PL","og_type":"article","og_title":"Odkryj pi\u0119kno S\u0142owackiego Raju i Spisza - OOCR%","og_description":"Odkryj pi\u0119kno S\u0142owackiego Raju i Spiszu - ma\u0142ego kawa\u0142ka raju pe\u0142nego tradycji, zabytk\u00f3w i niezapomnianych wra\u017ce\u0144.","og_url":"https:\/\/vraji.sk\/pl\/","og_site_name":"OOCR","article_modified_time":"2026-02-04T12:45:34+00:00","og_image":[{"width":1240,"height":647,"url":"https:\/\/vraji.sk\/wp-content\/uploads\/2022\/06\/Turisticka-karta-strana-z-brozury.jpg","type":"image\/jpeg"}],"twitter_card":"summary_large_image","schema":{"@context":"https:\/\/schema.org","@graph":[{"@type":"WebPage","@id":"https:\/\/vraji.sk\/pl\/","url":"https:\/\/vraji.sk\/pl\/","name":"Odkryj pi\u0119kno S\u0142owackiego Raju i Spisza - OOCR%","isPartOf":{"@id":"https:\/\/vraji.sk\/pl\/#website"},"primaryImageOfPage":{"@id":"https:\/\/vraji.sk\/pl\/#primaryimage"},"image":{"@id":"https:\/\/vraji.sk\/pl\/#primaryimage"},"thumbnailUrl":"https:\/\/vraji.sk\/wp-content\/uploads\/2022\/06\/Turisticka-karta-strana-z-brozury.jpg","datePublished":"2026-02-04T12:45:32+00:00","dateModified":"2026-02-04T12:45:34+00:00","description":"Odkryj pi\u0119kno S\u0142owackiego Raju i Spiszu - ma\u0142ego kawa\u0142ka raju pe\u0142nego tradycji, zabytk\u00f3w i niezapomnianych wra\u017ce\u0144.","breadcrumb":{"@id":"https:\/\/vraji.sk\/pl\/#breadcrumb"},"inLanguage":"pl-PL","potentialAction":[{"@type":"ReadAction","target":["https:\/\/vraji.sk\/pl\/"]}]},{"@type":"ImageObject","inLanguage":"pl-PL","@id":"https:\/\/vraji.sk\/pl\/#primaryimage","url":"https:\/\/vraji.sk\/wp-content\/uploads\/2022\/06\/Turisticka-karta-strana-z-brozury.jpg","contentUrl":"https:\/\/vraji.sk\/wp-content\/uploads\/2022\/06\/Turisticka-karta-strana-z-brozury.jpg","width":1240,"height":647},{"@type":"BreadcrumbList","@id":"https:\/\/vraji.sk\/pl\/#breadcrumb","itemListElement":[{"@type":"ListItem","position":1,"name":"Home","item":"https:\/\/vraji.sk\/pl\/strona-glowna\/"},{"@type":"ListItem","position":2,"name":"Strona g\u0142\u00f3wna"}]},{"@type":"WebSite","@id":"https:\/\/vraji.sk\/pl\/#website","url":"https:\/\/vraji.sk\/pl\/","name":"OOCR","description":"Regi\u00f3n Slovensk\u00fd raj a Spi\u0161 | Z\u00e1\u017eitky, turistika, hist\u00f3ria | vRaji.sk","publisher":{"@id":"https:\/\/vraji.sk\/pl\/#organization"},"potentialAction":[{"@type":"SearchAction","target":{"@type":"EntryPoint","urlTemplate":"https:\/\/vraji.sk\/pl\/?s={search_term_string}"},"query-input":{"@type":"PropertyValueSpecification","valueRequired":true,"valueName":"search_term_string"}}],"inLanguage":"pl-PL"},{"@type":"Organization","@id":"https:\/\/vraji.sk\/pl\/#organization","name":"OOCR","url":"https:\/\/vraji.sk\/pl\/","logo":{"@type":"ImageObject","inLanguage":"pl-PL","@id":"https:\/\/vraji.sk\/pl\/#\/schema\/logo\/image\/","url":"https:\/\/vraji.sk\/wp-content\/uploads\/2021\/11\/biele-logo-1.svg","contentUrl":"https:\/\/vraji.sk\/wp-content\/uploads\/2021\/11\/biele-logo-1.svg","caption":"OOCR"},"image":{"@id":"https:\/\/vraji.sk\/pl\/#\/schema\/logo\/image\/"}}]}},"_links":{"self":[{"href":"https:\/\/vraji.sk\/pl\/wp-json\/wp\/v2\/pages\/21583","targetHints":{"allow":["GET"]}}],"collection":[{"href":"https:\/\/vraji.sk\/pl\/wp-json\/wp\/v2\/pages"}],"about":[{"href":"https:\/\/vraji.sk\/pl\/wp-json\/wp\/v2\/types\/page"}],"author":[{"embeddable":true,"href":"https:\/\/vraji.sk\/pl\/wp-json\/wp\/v2\/users\/1"}],"replies":[{"embeddable":true,"href":"https:\/\/vraji.sk\/pl\/wp-json\/wp\/v2\/comments?post=21583"}],"version-history":[{"count":1,"href":"https:\/\/vraji.sk\/pl\/wp-json\/wp\/v2\/pages\/21583\/revisions"}],"predecessor-version":[{"id":21586,"href":"https:\/\/vraji.sk\/pl\/wp-json\/wp\/v2\/pages\/21583\/revisions\/21586"}],"wp:featuredmedia":[{"embeddable":true,"href":"https:\/\/vraji.sk\/pl\/wp-json\/wp\/v2\/media\/21585"}],"wp:attachment":[{"href":"https:\/\/vraji.sk\/pl\/wp-json\/wp\/v2\/media?parent=21583"}],"curies":[{"name":"wp","href":"https:\/\/api.w.org\/{rel}","templated":true}]}}